
{"id":85,"date":"2016-02-08T09:22:46","date_gmt":"2016-02-08T09:22:46","guid":{"rendered":"http:\/\/www.sensitivthjerte.dk\/?page_id=85"},"modified":"2023-11-07T00:38:38","modified_gmt":"2023-11-06T22:38:38","slug":"mindfulness","status":"publish","type":"page","link":"https:\/\/www.sensitivthjerte.dk\/?page_id=85","title":{"rendered":"Yoga &#038; Mindfulness til familier"},"content":{"rendered":"<p>&nbsp;<\/p>\n<h3>Vil du og dit barn g\u00e5 til Yoga &amp; mindfulness sammen?<\/h3>\n<p>Sensitivt Hjerte udbyder Yoga &amp; mindfulness til Jer som for\u00e6ldre, som gerne vil g\u00e5 til Yoga &amp; mindfulness sammen med jeres b\u00f8rn. Det er et helt unikt frirum kun til jer med n\u00e6rv\u00e6r i fokus, styrkelse af jeres indbyrdes relation og med \u00f8velser I kan tage med jer hjem i jeres hverdag. Der er meget der tyder p\u00e5, at mindfulness og yoga ogs\u00e5 har en fantastisk effekt p\u00e5, hvor let, roligt og k\u00e6rligt b\u00f8rnene falder i s\u00f8vn om aftenen. <a href=\"\/hvad-er-mindfulness\"><strong>L\u00e6s mere om yoga &amp; mindfulness her<\/strong><\/a><\/p>\n<p>En s\u00e6rlig stund kun for dit barn, hvor dit barn l\u00e6rer \u00f8velser, som i kan g\u00f8re brug af i hverdagen hjemme eller i l\u00f8bet af en m\u00e5ske overstimulerende skoledag for at komme ned i gear og f\u00e5 ro i kroppen. B\u00f8rnene tr\u00e6ner uden far og mor er i salen. Yoga &amp; mindfulness for b\u00f8rn, er anderledes end yoga &amp; mindfulness for voksne. Det handler om at l\u00e6re sig selv og sin krop at kende gennem mange forskellige stillinger. Vi leger os ind i stillingerne, f.eks. bliver vi til en svane, bliver en j\u00e6ger, flyvemaskine, flamingo, m\u00f8der en hund, st\u00e5r som et tr\u00e6, og tr\u00e6kker os ind i vores skjold som en skildpadde mm. Vi starter med opvarmning. Der vil v\u00e6re Yoga\u00f8velser og yogalege, Sanse\u00f8velser, \u00e5ndedr\u00e6ts\u00f8velser, massage\u00f8velser, som pr\u00e6senteres som lege. Vi slutter af med en afsp\u00e6nding med guidede visualiseringer, som er sm\u00e5 historier fortalt til rolig musik. Vi har bl.a. fokus p\u00e5 at f\u00e5 styrket koncentrationsevnen og selvv\u00e6rdet, f\u00e5 styrke, mod, ro og overskud til alle de skriftlige og mundtlige pr\u00e6stationer, som vores skolesystem rummer, s\u00e5ledes at vi kan undg\u00e5 stress, angst og depression. I yoga og mindfulness sessionerne l\u00e6gger jeg v\u00e6gt p\u00e5 at styrke barnets \u00e5ndedr\u00e6t, sanser, krop og hjertets magi. B\u00f8rnene vil kommer ned i gear og finde ind til roen i dem selv, b\u00f8rnene l\u00e6rer at m\u00e6rke sig selv, v\u00e6re n\u00e6rv\u00e6rende i nuet, f\u00e5 en bevidsthed om deres opm\u00e6rksomhed, m\u00e6rke de gode energier, skrue op for hjerteenergien og finde indre ro. B\u00f8rnene vil opn\u00e5 en st\u00f8rre balance og p\u00e5 samme tid tr\u00e6nes fokus, koncentration og l\u00e6ringsparathed.<\/p>\n<p>Yoga og mindfulness er v\u00e6rkt\u00f8jer, som hj\u00e6lper dig og dit barn til at kunne opn\u00e5 at:<\/p>\n<ul>\n<li>styrke selvv\u00e6rdet<\/li>\n<li>f\u00e5 en st\u00f8rre kropsbevidsthed og \u00f8get gl\u00e6de ved at bev\u00e6ge dig<\/li>\n<li>f\u00e5 mere ro i kroppen og styr p\u00e5 tankemylderet i hovedet<\/li>\n<li>f\u00e5 lettere ved at falde til ro om aftenen samt falde i s\u00f8vn hurtigere<\/li>\n<li>styrke evnen til at kunne sige til og fra over for andre<\/li>\n<li>styrke koncentrationsevnen og f\u00e5 lettere ved at tilegne sig ny viden<\/li>\n<li>f\u00e5 f\u00e6rre konflikter og blive bedre til at l\u00f8se dem<\/li>\n<li>f\u00e5 st\u00f8rre overskud i hverdagen og mod p\u00e5 livets udfordringer<\/li>\n<li>f\u00e5 styrket sociale, sproglige, emotionelle og motoriske kompetencer<\/li>\n<li>forebygge stress, angst og depression<\/li>\n<\/ul>\n<p>Yoga &amp; mindfulness for b\u00f8rn skal v\u00e6re en time der er sjov, udfordrende og helt i b\u00f8rneh\u00f8jde.<\/p>\n<div class=\"textLayer\">\n<p>Der er flere hold med familieyoga &amp; mindfulness. I kan starte n\u00e5r dit barn er 3 \u00e5r. P\u00e5 disse hold er du som for\u00e6lder sammen med dit barn om at lave mindfulness og yoga. Du kan som bedstefor\u00e6lder ogs\u00e5 deltage sammen med dit barnebarn. Der kan kun deltage en for\u00e6lder\/bedstefor\u00e6lder pr. barn. I kan som for\u00e6ldre\/bedstefor\u00e6ldre skiftes til at deltage. Er du for\u00e6lder\/for\u00e6lder til tvillinger, eller to b\u00f8rn i samme aldersgruppe, kan du deltage med begge b\u00f8rn samtidig mod en ekstrabetaling.<\/p>\n<p><span class=\"_5mfr _47e3\"><img loading=\"lazy\" decoding=\"async\" class=\"img\" src=\"https:\/\/www.facebook.com\/images\/emoji.php\/v5\/f96\/1\/16\/1f49c.png\" alt=\"\" width=\"16\" height=\"16\" \/><\/span><strong>En anbefaling fra en mor p\u00e5 Familieyoga &amp; mindfulness holdet<span class=\"_5mfr _47e3\"><img loading=\"lazy\" decoding=\"async\" class=\"img\" src=\"https:\/\/www.facebook.com\/images\/emoji.php\/v5\/f96\/1\/16\/1f49c.png\" alt=\"\" width=\"16\" height=\"16\" \/><\/span>:<\/strong><\/p>\n<p>K\u00e6re Anne.<br \/>\nFor at starte med det vigtigste; der er INTET vi har synes d\u00e5rligt om!<br \/>\nDet har v\u00e6ret sk\u00f8nt at opleve n\u00e6rv\u00e6ret med Lara, fra dig og med hele holdet. Det har v\u00e6ret lidt som at v\u00e6re medlem af en s\u00e6rlig (og lidt hemmelig) klub. Intimiteten og fortroligheden I gruppen giver en tryghed og en ro man ikke finder mange andre steder.<br \/>\nJeg h\u00e5ber vi kan tage vejrtr\u00e6knings\u00f8velserne med os &#8211; det er nok dem vi har mest brug for hjemme hos os for at finde ro n\u00e5r det enten g\u00e5r lidt st\u00e6rkt eller n\u00e5r der er noget der g\u00e5r os p\u00e5. Der er ingen tvivl om at sanse\u00f8velserne har v\u00e6ret sjove og noget Lara har taget med sig &#8211; hun vil faktisk gerne lave det til sin f\u00f8dselsdag n\u00e5r hun skal have pigerne fra klassen med hjem.<br \/>\n\u00d8velserne med styrkekortene synes jeg har v\u00e6ret virkelig gode! Det er l\u00e6kkert som mor at f\u00e5 en lille indsigt I hvad b\u00f8rnene t\u00e6nker om sig selv &#8211; og om os som m\u00f8dre.<br \/>\nOg reglerne var super gode!!!!<br \/>\nJeg har virkelig nydt den &#8220;timeout&#8221; med Lara som din undervisning har givet os, og der er ingen tvivl om, at vi gerne vil komme igen! Kh fra Tina og Lara<\/p>\n<p class=\"\">En anden mor skriver f\u00f8lgende:<\/p>\n<p class=\"\">&#8220;Jeg kan varmt anbefale Anne&#8221;s b\u00f8rne mindfulness som har gjort en k\u00e6mpe forskel for vores s\u00f8n p\u00e5 11 \u00e5r. Han har i \u00e5revis haft problemer med at sove og til tider v\u00e6ret bange for at falde i s\u00f8vn. Efter at han er startet til mindfulness er han begyndt at sige at han gerne vil sove selv hvis d\u00f8ren st\u00e5r 1\/2 \u00e5ben og falder hurtig selv i s\u00f8vn. Vi har pr\u00f8vet flere former behandlinger og godnat seancer uden held, s\u00e5 det er bare s\u00e5 dejligt at se hvilken ro og overskud Anne&#8221;s mindfulness hold har og stadiv\u00e6k giver ham. Et stort knus \u2764 fra en glad mor&#8221;.<\/p>\n<p class=\"\"><strong class=\"\"><span class=\"_5mfr _47e3\"><img loading=\"lazy\" decoding=\"async\" class=\"img\" src=\"https:\/\/www.facebook.com\/images\/emoji.php\/v5\/f96\/1\/16\/1f49c.png\" alt=\"\" width=\"16\" height=\"16\" \/><\/span>En anbefaling fra en mor p\u00e5 mine Familieyoga &amp; mindfulness hold<span class=\"_5mfr _47e3\"><img loading=\"lazy\" decoding=\"async\" class=\"img\" src=\"https:\/\/www.facebook.com\/images\/emoji.php\/v5\/f96\/1\/16\/1f49c.png\" alt=\"\" width=\"16\" height=\"16\" \/><\/span>:<\/strong><br class=\"\" \/>&#8220;Begge b\u00f8rn &#8211; Fie 5 \u00e5r og Tobias 7 \u00e5r &#8211; har v\u00e6ret rigtig glade for at g\u00e5 til mindfulness hos Anne. Hun er g\u00e5et ind i begge deres hjerter med<span class=\"text_exposed_show\"> tr\u00e6sko p\u00e5 <span class=\"_5mfr _47e3\"><img loading=\"lazy\" decoding=\"async\" class=\"img\" src=\"https:\/\/www.facebook.com\/images\/emoji.php\/v5\/ffb\/1\/16\/263a.png\" alt=\"\" width=\"16\" height=\"16\" \/><\/span>de gl\u00e6der sig hver gang de skal afsted. Her hjemme er de begyndt at eftersp\u00f8rge \u00f8velserne og musikken is\u00e6r ved sengetid. Det giver Fie ro i hendes urolige krop og Tobias, som er sensitiv, kommer bedre i kontakt med sin krop.<br class=\"\" \/>Min mand og jeg, som er med p\u00e5 holdene sammen med b\u00f8rnene, synes det er sk\u00f8nt at se, hvordan Anne er til stede 100 % p\u00e5 b\u00f8rnenes pr\u00e6misser og hendes ro smitter af p\u00e5 b\u00f8rnene (og de voksne <span class=\"_5mfr _47e3\"><img loading=\"lazy\" decoding=\"async\" class=\"img\" src=\"https:\/\/www.facebook.com\/images\/emoji.php\/v5\/ffb\/1\/16\/263a.png\" alt=\"\" width=\"16\" height=\"16\" \/><\/span>) Og de sm\u00e5 hold g\u00f8r at hver enkelte barn f\u00f8ler sig set og h\u00f8rt <span class=\"_5mfr _47e3\"><span class=\"_7oe\">\u2764<\/span><\/span><br class=\"\" \/>Vi har til stor gl\u00e6de for begge b\u00f8rn meldt dem til igen og det eneste Tobias er lidt utilfreds med er, at det nu &#8220;kun&#8221; er en gang om m\u00e5neden i stedet for en gang om ugen <span class=\"_5mfr _47e3\"><img loading=\"lazy\" decoding=\"async\" class=\"img\" src=\"https:\/\/www.facebook.com\/images\/emoji.php\/v5\/ffb\/1\/16\/263a.png\" alt=\"\" width=\"16\" height=\"16\" \/><\/span> men som vi s\u00e5 har talt om, har vi st\u00f8rre mulighed for at \u00f8ve os imellem hver gang <span class=\"_5mfr _47e3\"><img loading=\"lazy\" decoding=\"async\" class=\"img\" src=\"https:\/\/www.facebook.com\/images\/emoji.php\/v5\/ffb\/1\/16\/263a.png\" alt=\"\" width=\"16\" height=\"16\" \/><\/span><br class=\"\" \/>Anja <span class=\"_5mfr _47e3\"><span class=\"_7oe\">\u2764<\/span><\/span>&#8220;<\/span><\/p>\n<p><strong class=\"\"><span class=\"_5mfr _47e3\"><img loading=\"lazy\" decoding=\"async\" class=\"img\" src=\"https:\/\/www.facebook.com\/images\/emoji.php\/v5\/f96\/1\/16\/1f49c.png\" alt=\"\" width=\"16\" height=\"16\" \/><\/span>En anbefaling fra en mor til en dreng p\u00e5 12 \u00e5r p\u00e5 mit Tweenyoga &amp; mindfulness hold<span class=\"_5mfr _47e3\"><img loading=\"lazy\" decoding=\"async\" class=\"img\" src=\"https:\/\/www.facebook.com\/images\/emoji.php\/v5\/f96\/1\/16\/1f49c.png\" alt=\"\" width=\"16\" height=\"16\" \/><\/span>:<\/strong><\/p>\n<blockquote><p>&#8220;Jeg synes det giver en fantastisk modv\u00e6gt til det konkurrence og fart pr\u00e6gede liv de unge oplever.&#8221;<\/p><\/blockquote>\n<\/div>\n<p>Du kan l\u00e6se mere om <a href=\"https:\/\/www.sensitivthjerte.dk\/hvad-er-mindfulness\/\">yoga og mindfulness her<\/a><\/p>\n<p>Mine Yoga &amp; mindfulness sessioner er generelt bygget op s\u00e5ledes, at vi starter med at v\u00e6kke kroppen ved at lave nogle fysiske \u00f8velser og lidt yoga, vi finder ro i kroppen via vejrtr\u00e6knings\u00f8velser, vi bruger vores forskellige sanser, vi sidder eller ligger p\u00e5 madrasser og lytter til en visualisering, som er en lille historie. Der er fokus p\u00e5 vores dybe vejrtr\u00e6kning, vores intuition, vores selvv\u00e6rd og vores selvk\u00e6rlighed. Alle sessionerne er tilpasset m\u00e5lgruppen, b\u00f8rnenes alder og b\u00f8rn og voksnes behov. Der er mulighed for at tage hensyn til individuelle behov. Kontakt mig gerne inden holdets start. Yoga &amp; Mindfulness holdene finder sted i sk\u00f8nne omgivelser.<\/p>\n<p>Har du brug for at h\u00f8re n\u00e6rmere om Yoga &amp; mindfulness hos mig er noget for dig og dit barn, er du ogs\u00e5 velkommen til at kontakte mig.<\/p>\n<p>Har du eller dit barn ganske s\u00e6rlige behov og \u00f8nsker, kan du ogs\u00e5 kontakte mig for et eventuelt individuelt forl\u00f8b.<\/p>\n<p><a href=\"https:\/\/www.sensitivthjerte.dk\/hvad-er-mindfulness\/\">L\u00e6s mere her:\u00a0https:\/\/www.sensitivthjerte.dk\/hvad-er-mindfulness\/<\/a><\/p>\n<p>&nbsp;<\/p>\n<p><a class=\".btn-info\" style=\"background-color: #691bce; color: #ffffff; padding: 15px; border-radius: 3px 0 3px 0; font-size: 15px; text-decoration: none; font-weight: 800; font-family: Roboto, Arial, Helvetica, sans-serif;\" href=\"mailto:%22Anne%20Tjagvad%22%20%3canne@sensitivthjerte.dk%3e\">Kontakt mig her<\/a><\/p>\n<p>&nbsp;<\/p>\n<p><a class=\".btn-info\" style=\"background-color: #691bce; color: #ffffff; padding: 15px; border-radius: 3px 0 3px 0; font-size: 15px; text-decoration: none; font-weight: 800; font-family: Roboto, Arial, Helvetica, sans-serif;\" href=\"\/mindfulness-hold\" target=\"_self\" rel=\"noopener\">Se holdene her<\/a><\/p>\n<p>&nbsp;<\/p>\n","protected":false},"excerpt":{"rendered":"<p>&nbsp; Vil du og dit barn g\u00e5 til Yoga &amp; mindfulness sammen? Sensitivt Hjerte udbyder Yoga &amp; mindfulness til Jer<\/p>\n<div class=\"read-button read_more_btn_text\"><a class=\"read_more\" href=\"https:\/\/www.sensitivthjerte.dk\/?page_id=85\">L\u00e6s nu<span class=\"arrow_readm\"> &#x25BA;<\/span><\/a><\/div>\n","protected":false},"author":1,"featured_media":0,"parent":25,"menu_order":0,"comment_status":"closed","ping_status":"closed","template":"","meta":{"footnotes":""},"class_list":["post-85","page","type-page","status-publish","hentry"],"yoast_head":"<!-- This site is optimized with the Yoast SEO plugin v27.4 - https:\/\/yoast.com\/product\/yoast-seo-wordpress\/ -->\n<title>Yoga &amp; Mindfulness til familier | Sensitivt Hjerte<\/title>\n<meta name=\"description\" content=\"Vil du og dit barn g\u00e5 til mindfulness? Sensitivt Hjerte udbyder mindfulness til Jer som for\u00e6ldre, som gerne vil g\u00e5 til mindfulness sammen med jeres b\u00f8rn.\" \/>\n<meta name=\"robots\" content=\"index, follow, max-snippet:-1, max-image-preview:large, max-video-preview:-1\" \/>\n<link rel=\"canonical\" href=\"https:\/\/www.sensitivthjerte.dk\/?page_id=85\" \/>\n<meta property=\"og:locale\" content=\"da_DK\" \/>\n<meta property=\"og:type\" content=\"article\" \/>\n<meta property=\"og:title\" content=\"Yoga &amp; Mindfulness til familier | Sensitivt Hjerte\" \/>\n<meta property=\"og:description\" content=\"Vil du og dit barn g\u00e5 til mindfulness? Sensitivt Hjerte udbyder mindfulness til Jer som for\u00e6ldre, som gerne vil g\u00e5 til mindfulness sammen med jeres b\u00f8rn.\" \/>\n<meta property=\"og:url\" content=\"https:\/\/www.sensitivthjerte.dk\/?page_id=85\" \/>\n<meta property=\"og:site_name\" content=\"Sensitivt Hjerte\" \/>\n<meta property=\"article:modified_time\" content=\"2023-11-06T22:38:38+00:00\" \/>\n<meta property=\"og:image\" content=\"https:\/\/www.facebook.com\/images\/emoji.php\/v5\/f96\/1\/16\/1f49c.png\" \/>\n<meta name=\"twitter:card\" content=\"summary_large_image\" \/>\n<meta name=\"twitter:label1\" content=\"Estimeret l\u00e6setid\" \/>\n\t<meta name=\"twitter:data1\" content=\"9 minutter\" \/>\n<script type=\"application\/ld+json\" class=\"yoast-schema-graph\">{\"@context\":\"https:\\\/\\\/schema.org\",\"@graph\":[{\"@type\":\"WebPage\",\"@id\":\"https:\\\/\\\/www.sensitivthjerte.dk\\\/?page_id=85\",\"url\":\"https:\\\/\\\/www.sensitivthjerte.dk\\\/?page_id=85\",\"name\":\"Yoga & Mindfulness til familier | Sensitivt Hjerte\",\"isPartOf\":{\"@id\":\"https:\\\/\\\/www.sensitivthjerte.dk\\\/#website\"},\"primaryImageOfPage\":{\"@id\":\"https:\\\/\\\/www.sensitivthjerte.dk\\\/?page_id=85#primaryimage\"},\"image\":{\"@id\":\"https:\\\/\\\/www.sensitivthjerte.dk\\\/?page_id=85#primaryimage\"},\"thumbnailUrl\":\"https:\\\/\\\/www.facebook.com\\\/images\\\/emoji.php\\\/v5\\\/f96\\\/1\\\/16\\\/1f49c.png\",\"datePublished\":\"2016-02-08T09:22:46+00:00\",\"dateModified\":\"2023-11-06T22:38:38+00:00\",\"description\":\"Vil du og dit barn g\u00e5 til mindfulness? Sensitivt Hjerte udbyder mindfulness til Jer som for\u00e6ldre, som gerne vil g\u00e5 til mindfulness sammen med jeres b\u00f8rn.\",\"breadcrumb\":{\"@id\":\"https:\\\/\\\/www.sensitivthjerte.dk\\\/?page_id=85#breadcrumb\"},\"inLanguage\":\"da-DK\",\"potentialAction\":[{\"@type\":\"ReadAction\",\"target\":[\"https:\\\/\\\/www.sensitivthjerte.dk\\\/?page_id=85\"]}]},{\"@type\":\"ImageObject\",\"inLanguage\":\"da-DK\",\"@id\":\"https:\\\/\\\/www.sensitivthjerte.dk\\\/?page_id=85#primaryimage\",\"url\":\"https:\\\/\\\/www.facebook.com\\\/images\\\/emoji.php\\\/v5\\\/f96\\\/1\\\/16\\\/1f49c.png\",\"contentUrl\":\"https:\\\/\\\/www.facebook.com\\\/images\\\/emoji.php\\\/v5\\\/f96\\\/1\\\/16\\\/1f49c.png\"},{\"@type\":\"BreadcrumbList\",\"@id\":\"https:\\\/\\\/www.sensitivthjerte.dk\\\/?page_id=85#breadcrumb\",\"itemListElement\":[{\"@type\":\"ListItem\",\"position\":1,\"name\":\"Hjem\",\"item\":\"https:\\\/\\\/www.sensitivthjerte.dk\\\/\"},{\"@type\":\"ListItem\",\"position\":2,\"name\":\"Familieliv\",\"item\":\"https:\\\/\\\/www.sensitivthjerte.dk\\\/?page_id=25\"},{\"@type\":\"ListItem\",\"position\":3,\"name\":\"Yoga &#038; Mindfulness til familier\"}]},{\"@type\":\"WebSite\",\"@id\":\"https:\\\/\\\/www.sensitivthjerte.dk\\\/#website\",\"url\":\"https:\\\/\\\/www.sensitivthjerte.dk\\\/\",\"name\":\"Sensitivt Hjerte\",\"description\":\"tlf. +45 3064 4173 anne@sensititvthjerte.dk\",\"publisher\":{\"@id\":\"https:\\\/\\\/www.sensitivthjerte.dk\\\/#organization\"},\"potentialAction\":[{\"@type\":\"SearchAction\",\"target\":{\"@type\":\"EntryPoint\",\"urlTemplate\":\"https:\\\/\\\/www.sensitivthjerte.dk\\\/?s={search_term_string}\"},\"query-input\":{\"@type\":\"PropertyValueSpecification\",\"valueRequired\":true,\"valueName\":\"search_term_string\"}}],\"inLanguage\":\"da-DK\"},{\"@type\":\"Organization\",\"@id\":\"https:\\\/\\\/www.sensitivthjerte.dk\\\/#organization\",\"name\":\"Sensitivt Hjerte Aps\",\"url\":\"https:\\\/\\\/www.sensitivthjerte.dk\\\/\",\"logo\":{\"@type\":\"ImageObject\",\"inLanguage\":\"da-DK\",\"@id\":\"https:\\\/\\\/www.sensitivthjerte.dk\\\/#\\\/schema\\\/logo\\\/image\\\/\",\"url\":\"https:\\\/\\\/www.sensitivthjerte.dk\\\/wp-content\\\/uploads\\\/2016\\\/05\\\/Sensitivthjerte_logo_ver2.png\",\"contentUrl\":\"https:\\\/\\\/www.sensitivthjerte.dk\\\/wp-content\\\/uploads\\\/2016\\\/05\\\/Sensitivthjerte_logo_ver2.png\",\"width\":500,\"height\":111,\"caption\":\"Sensitivt Hjerte Aps\"},\"image\":{\"@id\":\"https:\\\/\\\/www.sensitivthjerte.dk\\\/#\\\/schema\\\/logo\\\/image\\\/\"}}]}<\/script>\n<!-- \/ Yoast SEO plugin. -->","yoast_head_json":{"title":"Yoga & Mindfulness til familier | Sensitivt Hjerte","description":"Vil du og dit barn g\u00e5 til mindfulness? Sensitivt Hjerte udbyder mindfulness til Jer som for\u00e6ldre, som gerne vil g\u00e5 til mindfulness sammen med jeres b\u00f8rn.","robots":{"index":"index","follow":"follow","max-snippet":"max-snippet:-1","max-image-preview":"max-image-preview:large","max-video-preview":"max-video-preview:-1"},"canonical":"https:\/\/www.sensitivthjerte.dk\/?page_id=85","og_locale":"da_DK","og_type":"article","og_title":"Yoga & Mindfulness til familier | Sensitivt Hjerte","og_description":"Vil du og dit barn g\u00e5 til mindfulness? Sensitivt Hjerte udbyder mindfulness til Jer som for\u00e6ldre, som gerne vil g\u00e5 til mindfulness sammen med jeres b\u00f8rn.","og_url":"https:\/\/www.sensitivthjerte.dk\/?page_id=85","og_site_name":"Sensitivt Hjerte","article_modified_time":"2023-11-06T22:38:38+00:00","og_image":[{"url":"https:\/\/www.facebook.com\/images\/emoji.php\/v5\/f96\/1\/16\/1f49c.png","type":"","width":"","height":""}],"twitter_card":"summary_large_image","twitter_misc":{"Estimeret l\u00e6setid":"9 minutter"},"schema":{"@context":"https:\/\/schema.org","@graph":[{"@type":"WebPage","@id":"https:\/\/www.sensitivthjerte.dk\/?page_id=85","url":"https:\/\/www.sensitivthjerte.dk\/?page_id=85","name":"Yoga & Mindfulness til familier | Sensitivt Hjerte","isPartOf":{"@id":"https:\/\/www.sensitivthjerte.dk\/#website"},"primaryImageOfPage":{"@id":"https:\/\/www.sensitivthjerte.dk\/?page_id=85#primaryimage"},"image":{"@id":"https:\/\/www.sensitivthjerte.dk\/?page_id=85#primaryimage"},"thumbnailUrl":"https:\/\/www.facebook.com\/images\/emoji.php\/v5\/f96\/1\/16\/1f49c.png","datePublished":"2016-02-08T09:22:46+00:00","dateModified":"2023-11-06T22:38:38+00:00","description":"Vil du og dit barn g\u00e5 til mindfulness? Sensitivt Hjerte udbyder mindfulness til Jer som for\u00e6ldre, som gerne vil g\u00e5 til mindfulness sammen med jeres b\u00f8rn.","breadcrumb":{"@id":"https:\/\/www.sensitivthjerte.dk\/?page_id=85#breadcrumb"},"inLanguage":"da-DK","potentialAction":[{"@type":"ReadAction","target":["https:\/\/www.sensitivthjerte.dk\/?page_id=85"]}]},{"@type":"ImageObject","inLanguage":"da-DK","@id":"https:\/\/www.sensitivthjerte.dk\/?page_id=85#primaryimage","url":"https:\/\/www.facebook.com\/images\/emoji.php\/v5\/f96\/1\/16\/1f49c.png","contentUrl":"https:\/\/www.facebook.com\/images\/emoji.php\/v5\/f96\/1\/16\/1f49c.png"},{"@type":"BreadcrumbList","@id":"https:\/\/www.sensitivthjerte.dk\/?page_id=85#breadcrumb","itemListElement":[{"@type":"ListItem","position":1,"name":"Hjem","item":"https:\/\/www.sensitivthjerte.dk\/"},{"@type":"ListItem","position":2,"name":"Familieliv","item":"https:\/\/www.sensitivthjerte.dk\/?page_id=25"},{"@type":"ListItem","position":3,"name":"Yoga &#038; Mindfulness til familier"}]},{"@type":"WebSite","@id":"https:\/\/www.sensitivthjerte.dk\/#website","url":"https:\/\/www.sensitivthjerte.dk\/","name":"Sensitivt Hjerte","description":"tlf. +45 3064 4173 anne@sensititvthjerte.dk","publisher":{"@id":"https:\/\/www.sensitivthjerte.dk\/#organization"},"potentialAction":[{"@type":"SearchAction","target":{"@type":"EntryPoint","urlTemplate":"https:\/\/www.sensitivthjerte.dk\/?s={search_term_string}"},"query-input":{"@type":"PropertyValueSpecification","valueRequired":true,"valueName":"search_term_string"}}],"inLanguage":"da-DK"},{"@type":"Organization","@id":"https:\/\/www.sensitivthjerte.dk\/#organization","name":"Sensitivt Hjerte Aps","url":"https:\/\/www.sensitivthjerte.dk\/","logo":{"@type":"ImageObject","inLanguage":"da-DK","@id":"https:\/\/www.sensitivthjerte.dk\/#\/schema\/logo\/image\/","url":"https:\/\/www.sensitivthjerte.dk\/wp-content\/uploads\/2016\/05\/Sensitivthjerte_logo_ver2.png","contentUrl":"https:\/\/www.sensitivthjerte.dk\/wp-content\/uploads\/2016\/05\/Sensitivthjerte_logo_ver2.png","width":500,"height":111,"caption":"Sensitivt Hjerte Aps"},"image":{"@id":"https:\/\/www.sensitivthjerte.dk\/#\/schema\/logo\/image\/"}}]}},"_links":{"self":[{"href":"https:\/\/www.sensitivthjerte.dk\/index.php?rest_route=\/wp\/v2\/pages\/85","targetHints":{"allow":["GET"]}}],"collection":[{"href":"https:\/\/www.sensitivthjerte.dk\/index.php?rest_route=\/wp\/v2\/pages"}],"about":[{"href":"https:\/\/www.sensitivthjerte.dk\/index.php?rest_route=\/wp\/v2\/types\/page"}],"author":[{"embeddable":true,"href":"https:\/\/www.sensitivthjerte.dk\/index.php?rest_route=\/wp\/v2\/users\/1"}],"replies":[{"embeddable":true,"href":"https:\/\/www.sensitivthjerte.dk\/index.php?rest_route=%2Fwp%2Fv2%2Fcomments&post=85"}],"version-history":[{"count":49,"href":"https:\/\/www.sensitivthjerte.dk\/index.php?rest_route=\/wp\/v2\/pages\/85\/revisions"}],"predecessor-version":[{"id":1916,"href":"https:\/\/www.sensitivthjerte.dk\/index.php?rest_route=\/wp\/v2\/pages\/85\/revisions\/1916"}],"up":[{"embeddable":true,"href":"https:\/\/www.sensitivthjerte.dk\/index.php?rest_route=\/wp\/v2\/pages\/25"}],"wp:attachment":[{"href":"https:\/\/www.sensitivthjerte.dk\/index.php?rest_route=%2Fwp%2Fv2%2Fmedia&parent=85"}],"curies":[{"name":"wp","href":"https:\/\/api.w.org\/{rel}","templated":true}]}}